{"id":136,"date":"2012-11-02T14:20:49","date_gmt":"2012-11-02T14:20:49","guid":{"rendered":"http:\/\/www.laragazzacolmattarello.com\/sample-page-2\/"},"modified":"2020-05-03T19:45:17","modified_gmt":"2020-05-03T17:45:17","slug":"que-hago-aqui","status":"publish","type":"page","link":"https:\/\/www.laragazzacolmattarello.com\/es\/que-hago-aqui\/","title":{"rendered":"\u00bfQu\u00e9 hago aqu\u00ed?"},"content":{"rendered":"<p><img  title=\"\u00bfQu\u00e9 hago aqu\u00ed? ~  ~ La ragazza col mattarello\" loading=\"lazy\" decoding=\"async\" class=\"size-full wp-image-2814 alignleft\" src=\"https:\/\/www.laragazzacolmattarello.com\/wp-content\/uploads\/2019\/10\/la_ragazza_col_mattarello_512x512_PWA.png\"  alt=\"\u00bfQu\u00e9 hago aqu\u00ed? ~  ~ La ragazza col mattarello\"  width=\"512\" height=\"512\" srcset=\"https:\/\/www.laragazzacolmattarello.com\/wp-content\/uploads\/2019\/10\/la_ragazza_col_mattarello_512x512_PWA.png 512w, https:\/\/www.laragazzacolmattarello.com\/wp-content\/uploads\/2019\/10\/la_ragazza_col_mattarello_512x512_PWA-500x500.png 500w\" sizes=\"auto, (max-width: 512px) 100vw, 512px\" \/>Viv\u00ed unos a\u00f1os en Italia, en Roma, y ah\u00ed me enamor\u00e9 de su cocina, que no se parec\u00eda en casi nada a la comida italiana que hab\u00eda probado antes en mi pa\u00eds y me la hab\u00edan hecho aborrecer. All\u00ed empec\u00e9 el blog, como hobby y para mostrar a mis amigos como se com\u00eda realmente ah\u00ed y c\u00f3mo prepararlo. Al volver a Barcelona, me apunt\u00e9 y diplom\u00e9 en un curso de formaci\u00f3n intensiva para cocinero en la <a href=\"https:\/\/www.hofmann-bcn.com\/es\">Escuela de Hosteleria Hofmann<\/a>, para as\u00ed mejorar mis dotes culinarias en general.<\/p>\n<p>Trabaj\u00e9 brevemente en el restaurante <a href=\"https:\/\/elcomidista.elpais.com\/elcomidista\/2015\/11\/09\/articulo\/1447092164_794184.html\">Piccola Cucina Italiana<\/a> de Sant Cugat, d\u00f3nde el gran Vittorio Giordano me ense\u00f1\u00f3 much\u00edsimo m\u00e1s sobre cocina en poco tiempo, que en cualquier escuela, pero al final se volvi\u00f3 incompatible con el trabajo con el que me gano realmente la vida y deb\u00ed dejarlo, pero espero poder alg\u00fan d\u00eda llevar adelante alg\u00fan proyecto relacionado con la cocina que me permita dedicarme a ello a tiempo completo.<\/p>\n<p>Vuelvo muy a menudo a Roma, ya que mi marido es de all\u00ed, y cuando disfrutamos de vacaciones, el 90% de nuestras destinaciones son en otros puntos de Italia que nos encantan, o para conocer otros nuevos de los que siempre terminamos enamorados, con una misi\u00f3n prioritaria: Conocer la cocina tradicional de esa regi\u00f3n para seguir aprendiendo alrededor de las bondades de la gastronom\u00eda Italiana.<\/p>\n<p>En este blog encontrar\u00e9is montones de recetas tradicionales Italianas, con instrucciones para prepararlas realmente como ah\u00ed lo hacen, esas que en seg\u00fan que restaurantes maltratan por desconocimiento o necesidad de adaptarlas al p\u00fablico que se ha acostumbrado y prefiere la pasta blandengue, carbonaras con nata, etc. Tambi\u00e9n algunas recetas un poco m\u00e1s fusi\u00f3n, nacidas de las ganas de hermanar culturas, usando lo mejor de cada casa. Finalmente, algunas recomendaciones de restaurantes en Italia que nos han encantado, muy \u00fatil, para quien vaya de viaje y se deje aconsejar por alguien con conocimiento y objetividad sobre el tema.<\/p>\n<p>El nombre del blog surge del hecho que soy muy fan de la pel\u00edcula La Ragazza con la Pistola, y de su actriz protagonista y su director en general: Monica Vitti y Mario Monicelli.<br \/>\nElla, como yo, se marchaba al extranjero y deb\u00eda adaptarse a las costumbres de otras gentes. Ella ten\u00eda una pistola para vengar su honor; yo tengo el rodillo de cocina para extender pastas.<\/p>\n<p>&nbsp;<\/p>\n<div id=\"erdyt-69f15439c070c\" data-id=\"z8F6gDMpjAk\" class=\"erd-youtube-responsive\" style=\"display:block;position:relative;clear:both;width:100%;max-width:100%;margin-left:auto;margin-right:auto;\"><div style=\"padding-bottom:56.25%;\"><div class=\"erd-ytplay\" id=\"erdytp-z8F6gDMpjAk-69f15439c070c\" data-vid=\"z8F6gDMpjAk\"   data-src=\"https:\/\/www.youtube.com\/embed\/z8F6gDMpjAk?loop=1&#038;autoplay=1&#038;rel=0\" data-allowfullscreen=\"true\"><img  title=\"\u00bfQu\u00e9 hago aqu\u00ed? ~  ~ La ragazza col mattarello\" decoding=\"async\" src=\"https:\/\/i.ytimg.com\/vi\/z8F6gDMpjAk\/hqdefault.jpg\"  alt=\"\u00bfQu\u00e9 hago aqu\u00ed? ~  ~ La ragazza col mattarello\"  \/><\/div><\/div><\/div><script type=\"application\/ld+json\">{\"@context\":\"https:\/\/schema.org\",\"@type\":\"VideoObject\",\"name\":\"\u00bfQu\u00e9 hago aqu\u00ed? - Video\",\"description\":\"Mira el video para descubrir todos los detalles de la receta.\",\"thumbnailUrl\":\"https:\/\/i.ytimg.com\/vi\/z8F6gDMpjAk\/hqdefault.jpg\",\"uploadDate\":\"2012-11-02T14:20:49+01:00\",\"embedUrl\":\"https:\/\/www.youtube.com\/embed\/z8F6gDMpjAk?loop=1&#038;autoplay=1&#038;rel=0\",\"contentUrl\":\"https:\/\/www.youtube.com\/watch?v=z8F6gDMpjAk\",\"publisher\":{\"@type\":\"Organization\",\"name\":\"La ragazza col mattarello\",\"logo\":{\"@type\":\"ImageObject\",\"url\":\"https:\/\/www.laragazzacolmattarello.com\/wp-content\/uploads\/2019\/10\/la_ragazza_col_mattarello_192x192_PWA.png\",\"width\":192,\"height\":192}}}<\/script>\n<p>&nbsp;<\/p>\n<p>&nbsp;<\/p>\n","protected":false},"excerpt":{"rendered":"<p>Viv\u00ed unos a\u00f1os en Italia, en Roma, y ah\u00ed me enamor\u00e9 de su cocina, que no se parec\u00eda en casi nada a la comida italiana que hab\u00eda probado antes en mi pa\u00eds y me la hab\u00edan hecho aborrecer. All\u00ed empec\u00e9 el blog, como hobby y para mostrar a mis amigos como se com\u00eda realmente ah\u00ed y c\u00f3mo prepararlo. Al volver a Barcelona, me apunt\u00e9 y diplom\u00e9 en un curso de formaci\u00f3n intensiva para cocinero en la Escuela de Hosteleria Hofmann, para as\u00ed mejorar mis dotes culinarias en general. Trabaj\u00e9 brevemente en el restaurante Piccola Cucina Italiana de Sant Cugat, d\u00f3nde el gran Vittorio Giordano me ense\u00f1\u00f3 much\u00edsimo m\u00e1s sobre cocina en poco tiempo, que en cualquier escuela, pero al final se volvi\u00f3 incompatible con el trabajo con el que me gano realmente la vida y deb\u00ed dejarlo, pero espero poder alg\u00fan d\u00eda llevar adelante alg\u00fan proyecto relacionado con la cocina que me permita dedicarme a ello a tiempo completo. Vuelvo muy a menudo a Roma, ya que mi marido es de all\u00ed, y cuando disfrutamos de vacaciones, el 90% de nuestras destinaciones son en otros puntos de Italia que nos encantan, o para conocer otros nuevos de los que siempre terminamos enamorados, con una misi\u00f3n prioritaria: Conocer la cocina tradicional de esa regi\u00f3n para seguir aprendiendo alrededor de las bondades de la gastronom\u00eda Italiana. En este blog encontrar\u00e9is montones de recetas tradicionales Italianas, con instrucciones para prepararlas realmente como ah\u00ed lo hacen, esas que en seg\u00fan que restaurantes maltratan por desconocimiento o necesidad de adaptarlas al p\u00fablico que se ha acostumbrado y prefiere la pasta blandengue, carbonaras con nata, etc. Tambi\u00e9n algunas recetas un poco m\u00e1s fusi\u00f3n, nacidas de las ganas de hermanar culturas, usando lo mejor de cada casa. Finalmente, algunas recomendaciones de restaurantes en Italia que nos han encantado, muy \u00fatil, para quien vaya de viaje y se deje aconsejar por alguien con conocimiento y objetividad sobre el tema. El nombre del blog surge del hecho que soy muy fan de la pel\u00edcula La Ragazza con la Pistola, y de su actriz protagonista y su director en general: Monica Vitti y Mario Monicelli. Ella, como yo, se marchaba al extranjero y deb\u00eda adaptarse a las costumbres de otras gentes. Ella ten\u00eda una pistola para vengar su honor; yo tengo el rodillo de cocina para extender pastas. &nbsp; &nbsp; &nbsp;<\/p>\n","protected":false},"author":1,"featured_media":0,"parent":0,"menu_order":0,"comment_status":"closed","ping_status":"closed","template":"","meta":{"wprm-recipe-roundup-name":"","wprm-recipe-roundup-description":"","footnotes":""},"class_list":["post-136","page","type-page","status-publish","hentry"],"yoast_head":"<!-- This site is optimized with the Yoast SEO plugin v27.4 - https:\/\/yoast.com\/product\/yoast-seo-wordpress\/ -->\n<title>\u00bfQu\u00e9 hago aqu\u00ed? ~ La ragazza col mattarello<\/title>\n<meta name=\"description\" content=\"Viv\u00ed unos a\u00f1os en Italia, en Roma, y ah\u00ed me enamor\u00e9 de su cocina, que no se parec\u00eda en casi nada a la comida italiana que hab\u00eda probado antes en mi pa\u00eds y\" \/>\n<meta name=\"robots\" content=\"index, follow, max-snippet:-1, max-image-preview:large, max-video-preview:-1\" \/>\n<link rel=\"canonical\" href=\"https:\/\/www.laragazzacolmattarello.com\/es\/que-hago-aqui\/\" \/>\n<meta property=\"og:locale\" content=\"es_ES\" \/>\n<meta property=\"og:type\" content=\"article\" \/>\n<meta property=\"og:title\" content=\"\u00bfQu\u00e9 hago aqu\u00ed? ~ La ragazza col mattarello\" \/>\n<meta property=\"og:description\" content=\"Viv\u00ed unos a\u00f1os en Italia, en Roma, y ah\u00ed me enamor\u00e9 de su cocina, que no se parec\u00eda en casi nada a la comida italiana que hab\u00eda probado antes en mi pa\u00eds y\" \/>\n<meta property=\"og:url\" content=\"https:\/\/www.laragazzacolmattarello.com\/es\/que-hago-aqui\/\" \/>\n<meta property=\"og:site_name\" content=\"La ragazza col mattarello\" \/>\n<meta property=\"article:publisher\" content=\"https:\/\/www.facebook.com\/laragazzacolmattarello\" \/>\n<meta property=\"article:modified_time\" content=\"2020-05-03T17:45:17+00:00\" \/>\n<meta property=\"og:image\" content=\"https:\/\/www.laragazzacolmattarello.com\/wp-content\/uploads\/2019\/10\/la_ragazza_col_mattarello_512x512_PWA.png\" \/>\n<meta name=\"twitter:card\" content=\"summary_large_image\" \/>\n<meta name=\"twitter:site\" content=\"@mattarellogirl\" \/>\n<meta name=\"twitter:label1\" content=\"Tiempo de lectura\" \/>\n\t<meta name=\"twitter:data1\" content=\"2 minutos\" \/>\n<script type=\"application\/ld+json\" class=\"yoast-schema-graph\">{\"@context\":\"https:\\\/\\\/schema.org\",\"@graph\":[{\"@type\":\"WebPage\",\"@id\":\"https:\\\/\\\/www.laragazzacolmattarello.com\\\/es\\\/que-hago-aqui\\\/\",\"url\":\"https:\\\/\\\/www.laragazzacolmattarello.com\\\/es\\\/que-hago-aqui\\\/\",\"name\":\"\u00bfQu\u00e9 hago aqu\u00ed? ~ La ragazza col mattarello\",\"isPartOf\":{\"@id\":\"https:\\\/\\\/www.laragazzacolmattarello.com\\\/es\\\/#website\"},\"primaryImageOfPage\":{\"@id\":\"https:\\\/\\\/www.laragazzacolmattarello.com\\\/es\\\/que-hago-aqui\\\/#primaryimage\"},\"image\":{\"@id\":\"https:\\\/\\\/www.laragazzacolmattarello.com\\\/es\\\/que-hago-aqui\\\/#primaryimage\"},\"thumbnailUrl\":\"https:\\\/\\\/www.laragazzacolmattarello.com\\\/wp-content\\\/uploads\\\/2019\\\/10\\\/la_ragazza_col_mattarello_512x512_PWA.png\",\"datePublished\":\"2012-11-02T14:20:49+00:00\",\"dateModified\":\"2020-05-03T17:45:17+00:00\",\"description\":\"Viv\u00ed unos a\u00f1os en Italia, en Roma, y ah\u00ed me enamor\u00e9 de su cocina, que no se parec\u00eda en casi nada a la comida italiana que hab\u00eda probado antes en mi pa\u00eds y\",\"breadcrumb\":{\"@id\":\"https:\\\/\\\/www.laragazzacolmattarello.com\\\/es\\\/que-hago-aqui\\\/#breadcrumb\"},\"inLanguage\":\"es\",\"potentialAction\":[{\"@type\":\"ReadAction\",\"target\":[\"https:\\\/\\\/www.laragazzacolmattarello.com\\\/es\\\/que-hago-aqui\\\/\"]}]},{\"@type\":\"ImageObject\",\"inLanguage\":\"es\",\"@id\":\"https:\\\/\\\/www.laragazzacolmattarello.com\\\/es\\\/que-hago-aqui\\\/#primaryimage\",\"url\":\"https:\\\/\\\/www.laragazzacolmattarello.com\\\/wp-content\\\/uploads\\\/2019\\\/10\\\/la_ragazza_col_mattarello_512x512_PWA.png\",\"contentUrl\":\"https:\\\/\\\/www.laragazzacolmattarello.com\\\/wp-content\\\/uploads\\\/2019\\\/10\\\/la_ragazza_col_mattarello_512x512_PWA.png\"},{\"@type\":\"BreadcrumbList\",\"@id\":\"https:\\\/\\\/www.laragazzacolmattarello.com\\\/es\\\/que-hago-aqui\\\/#breadcrumb\",\"itemListElement\":[{\"@type\":\"ListItem\",\"position\":1,\"name\":\"Inicio\",\"item\":\"https:\\\/\\\/www.laragazzacolmattarello.com\\\/es\\\/\"},{\"@type\":\"ListItem\",\"position\":2,\"name\":\"\u00bfQu\u00e9 hago aqu\u00ed?\"}]},{\"@type\":\"WebSite\",\"@id\":\"https:\\\/\\\/www.laragazzacolmattarello.com\\\/es\\\/#website\",\"url\":\"https:\\\/\\\/www.laragazzacolmattarello.com\\\/es\\\/\",\"name\":\"La ragazza col mattarello\",\"description\":\"Recetas tradicionales italianas\",\"publisher\":{\"@id\":\"https:\\\/\\\/www.laragazzacolmattarello.com\\\/es\\\/#organization\"},\"potentialAction\":[{\"@type\":\"SearchAction\",\"target\":{\"@type\":\"EntryPoint\",\"urlTemplate\":\"https:\\\/\\\/www.laragazzacolmattarello.com\\\/es\\\/?s={search_term_string}\"},\"query-input\":{\"@type\":\"PropertyValueSpecification\",\"valueRequired\":true,\"valueName\":\"search_term_string\"}}],\"inLanguage\":\"es\"},{\"@type\":\"Organization\",\"@id\":\"https:\\\/\\\/www.laragazzacolmattarello.com\\\/es\\\/#organization\",\"name\":\"La ragazza col mattarello\",\"url\":\"https:\\\/\\\/www.laragazzacolmattarello.com\\\/es\\\/\",\"logo\":{\"@type\":\"ImageObject\",\"inLanguage\":\"es\",\"@id\":\"https:\\\/\\\/www.laragazzacolmattarello.com\\\/es\\\/#\\\/schema\\\/logo\\\/image\\\/\",\"url\":\"https:\\\/\\\/www.laragazzacolmattarello.com\\\/wp-content\\\/uploads\\\/2019\\\/10\\\/la_ragazza_col_mattarello_192x192_PWA.png\",\"contentUrl\":\"https:\\\/\\\/www.laragazzacolmattarello.com\\\/wp-content\\\/uploads\\\/2019\\\/10\\\/la_ragazza_col_mattarello_192x192_PWA.png\",\"width\":192,\"height\":192,\"caption\":\"La ragazza col mattarello\"},\"image\":{\"@id\":\"https:\\\/\\\/www.laragazzacolmattarello.com\\\/es\\\/#\\\/schema\\\/logo\\\/image\\\/\"},\"sameAs\":[\"https:\\\/\\\/www.facebook.com\\\/laragazzacolmattarello\",\"https:\\\/\\\/x.com\\\/mattarellogirl\",\"https:\\\/\\\/www.instagram.com\\\/mattarellogirl\\\/\",\"https:\\\/\\\/www.pinterest.com\\\/mattarellogirl\\\/\",\"https:\\\/\\\/www.youtube.com\\\/@laragazzacolmattarello\"]}]}<\/script>\n<!-- \/ Yoast SEO plugin. -->","yoast_head_json":{"title":"\u00bfQu\u00e9 hago aqu\u00ed? ~ La ragazza col mattarello","description":"Viv\u00ed unos a\u00f1os en Italia, en Roma, y ah\u00ed me enamor\u00e9 de su cocina, que no se parec\u00eda en casi nada a la comida italiana que hab\u00eda probado antes en mi pa\u00eds y","robots":{"index":"index","follow":"follow","max-snippet":"max-snippet:-1","max-image-preview":"max-image-preview:large","max-video-preview":"max-video-preview:-1"},"canonical":"https:\/\/www.laragazzacolmattarello.com\/es\/que-hago-aqui\/","og_locale":"es_ES","og_type":"article","og_title":"\u00bfQu\u00e9 hago aqu\u00ed? ~ La ragazza col mattarello","og_description":"Viv\u00ed unos a\u00f1os en Italia, en Roma, y ah\u00ed me enamor\u00e9 de su cocina, que no se parec\u00eda en casi nada a la comida italiana que hab\u00eda probado antes en mi pa\u00eds y","og_url":"https:\/\/www.laragazzacolmattarello.com\/es\/que-hago-aqui\/","og_site_name":"La ragazza col mattarello","article_publisher":"https:\/\/www.facebook.com\/laragazzacolmattarello","article_modified_time":"2020-05-03T17:45:17+00:00","og_image":[{"url":"https:\/\/www.laragazzacolmattarello.com\/wp-content\/uploads\/2019\/10\/la_ragazza_col_mattarello_512x512_PWA.png","type":"","width":"","height":""}],"twitter_card":"summary_large_image","twitter_site":"@mattarellogirl","twitter_misc":{"Tiempo de lectura":"2 minutos"},"schema":{"@context":"https:\/\/schema.org","@graph":[{"@type":"WebPage","@id":"https:\/\/www.laragazzacolmattarello.com\/es\/que-hago-aqui\/","url":"https:\/\/www.laragazzacolmattarello.com\/es\/que-hago-aqui\/","name":"\u00bfQu\u00e9 hago aqu\u00ed? ~ La ragazza col mattarello","isPartOf":{"@id":"https:\/\/www.laragazzacolmattarello.com\/es\/#website"},"primaryImageOfPage":{"@id":"https:\/\/www.laragazzacolmattarello.com\/es\/que-hago-aqui\/#primaryimage"},"image":{"@id":"https:\/\/www.laragazzacolmattarello.com\/es\/que-hago-aqui\/#primaryimage"},"thumbnailUrl":"https:\/\/www.laragazzacolmattarello.com\/wp-content\/uploads\/2019\/10\/la_ragazza_col_mattarello_512x512_PWA.png","datePublished":"2012-11-02T14:20:49+00:00","dateModified":"2020-05-03T17:45:17+00:00","description":"Viv\u00ed unos a\u00f1os en Italia, en Roma, y ah\u00ed me enamor\u00e9 de su cocina, que no se parec\u00eda en casi nada a la comida italiana que hab\u00eda probado antes en mi pa\u00eds y","breadcrumb":{"@id":"https:\/\/www.laragazzacolmattarello.com\/es\/que-hago-aqui\/#breadcrumb"},"inLanguage":"es","potentialAction":[{"@type":"ReadAction","target":["https:\/\/www.laragazzacolmattarello.com\/es\/que-hago-aqui\/"]}]},{"@type":"ImageObject","inLanguage":"es","@id":"https:\/\/www.laragazzacolmattarello.com\/es\/que-hago-aqui\/#primaryimage","url":"https:\/\/www.laragazzacolmattarello.com\/wp-content\/uploads\/2019\/10\/la_ragazza_col_mattarello_512x512_PWA.png","contentUrl":"https:\/\/www.laragazzacolmattarello.com\/wp-content\/uploads\/2019\/10\/la_ragazza_col_mattarello_512x512_PWA.png"},{"@type":"BreadcrumbList","@id":"https:\/\/www.laragazzacolmattarello.com\/es\/que-hago-aqui\/#breadcrumb","itemListElement":[{"@type":"ListItem","position":1,"name":"Inicio","item":"https:\/\/www.laragazzacolmattarello.com\/es\/"},{"@type":"ListItem","position":2,"name":"\u00bfQu\u00e9 hago aqu\u00ed?"}]},{"@type":"WebSite","@id":"https:\/\/www.laragazzacolmattarello.com\/es\/#website","url":"https:\/\/www.laragazzacolmattarello.com\/es\/","name":"La ragazza col mattarello","description":"Recetas tradicionales italianas","publisher":{"@id":"https:\/\/www.laragazzacolmattarello.com\/es\/#organization"},"potentialAction":[{"@type":"SearchAction","target":{"@type":"EntryPoint","urlTemplate":"https:\/\/www.laragazzacolmattarello.com\/es\/?s={search_term_string}"},"query-input":{"@type":"PropertyValueSpecification","valueRequired":true,"valueName":"search_term_string"}}],"inLanguage":"es"},{"@type":"Organization","@id":"https:\/\/www.laragazzacolmattarello.com\/es\/#organization","name":"La ragazza col mattarello","url":"https:\/\/www.laragazzacolmattarello.com\/es\/","logo":{"@type":"ImageObject","inLanguage":"es","@id":"https:\/\/www.laragazzacolmattarello.com\/es\/#\/schema\/logo\/image\/","url":"https:\/\/www.laragazzacolmattarello.com\/wp-content\/uploads\/2019\/10\/la_ragazza_col_mattarello_192x192_PWA.png","contentUrl":"https:\/\/www.laragazzacolmattarello.com\/wp-content\/uploads\/2019\/10\/la_ragazza_col_mattarello_192x192_PWA.png","width":192,"height":192,"caption":"La ragazza col mattarello"},"image":{"@id":"https:\/\/www.laragazzacolmattarello.com\/es\/#\/schema\/logo\/image\/"},"sameAs":["https:\/\/www.facebook.com\/laragazzacolmattarello","https:\/\/x.com\/mattarellogirl","https:\/\/www.instagram.com\/mattarellogirl\/","https:\/\/www.pinterest.com\/mattarellogirl\/","https:\/\/www.youtube.com\/@laragazzacolmattarello"]}]}},"amp_enabled":true,"_links":{"self":[{"href":"https:\/\/www.laragazzacolmattarello.com\/es\/wp-json\/wp\/v2\/pages\/136","targetHints":{"allow":["GET"]}}],"collection":[{"href":"https:\/\/www.laragazzacolmattarello.com\/es\/wp-json\/wp\/v2\/pages"}],"about":[{"href":"https:\/\/www.laragazzacolmattarello.com\/es\/wp-json\/wp\/v2\/types\/page"}],"author":[{"embeddable":true,"href":"https:\/\/www.laragazzacolmattarello.com\/es\/wp-json\/wp\/v2\/users\/1"}],"replies":[{"embeddable":true,"href":"https:\/\/www.laragazzacolmattarello.com\/es\/wp-json\/wp\/v2\/comments?post=136"}],"version-history":[{"count":24,"href":"https:\/\/www.laragazzacolmattarello.com\/es\/wp-json\/wp\/v2\/pages\/136\/revisions"}],"predecessor-version":[{"id":6232,"href":"https:\/\/www.laragazzacolmattarello.com\/es\/wp-json\/wp\/v2\/pages\/136\/revisions\/6232"}],"wp:attachment":[{"href":"https:\/\/www.laragazzacolmattarello.com\/es\/wp-json\/wp\/v2\/media?parent=136"}],"curies":[{"name":"wp","href":"https:\/\/api.w.org\/{rel}","templated":true}]}}